{"id":2609,"date":"2022-03-13T11:33:29","date_gmt":"2022-03-13T10:33:29","guid":{"rendered":"http:\/\/www.spbrzezowka.ostnet.pl\/?page_id=2609"},"modified":"2025-11-13T18:46:24","modified_gmt":"2025-11-13T17:46:24","slug":"wazne-informacje","status":"publish","type":"page","link":"https:\/\/www.spbrzezowka.ostnet.pl\/index.php\/wazne-informacje\/","title":{"rendered":"Wa\u017cne informacje"},"content":{"rendered":"\n<figure class=\"wp-block-image size-full\"><img decoding=\"async\" loading=\"lazy\" width=\"668\" height=\"450\" src=\"https:\/\/www.spbrzezowka.ostnet.pl\/wp-content\/uploads\/2025\/09\/image-4.png\" alt=\"\" class=\"wp-image-9663\" srcset=\"https:\/\/www.spbrzezowka.ostnet.pl\/wp-content\/uploads\/2025\/09\/image-4.png 668w, https:\/\/www.spbrzezowka.ostnet.pl\/wp-content\/uploads\/2025\/09\/image-4-300x202.png 300w\" sizes=\"(max-width: 668px) 100vw, 668px\" \/><\/figure>\n\n\n\n<p><strong>Informacje dla Rodzic\u00f3w o dzia\u0142alno\u015bci \u015awietlicy <br> przy Szkole Podstawowej im. 21 Brygady Strzelc\u00f3w Podhala\u0144skich w Brzez\u00f3wce<\/strong><\/p>\n\n\n\n<p><\/p>\n\n\n\n<p>W \u015bwietlicy odbywaj\u0105 si\u0119 zaj\u0119cia w oparciu o roczny plan pracy opieku\u0144czo-wychowawczej,<\/p>\n\n\n\n<p>Przyjmowanie uczni\u00f3w do \u015bwietlicy dokonuje si\u0119&nbsp;<strong>corocznie<\/strong>&nbsp;na podstawie pisemnego zg\u0142oszenia rodzic\u00f3w\/prawnych opiekun\u00f3w poprzez wype\u0142nienie Karty zapisu dziecka do \u015bwietlicy szkolnej. Karty zg\u0142osze\u0144 przyjmowane s\u0105 przez ca\u0142y rok szkolny wed\u0142ug potrzeb rodzic\u00f3w.<\/p>\n\n\n\n<p>Dzieci odbierane s\u0105 ze \u015bwietlicy osobi\u015bcie przez rodzic\u00f3w\/prawnych opiekun\u00f3w.<\/p>\n\n\n\n<p><strong>Pisemne upowa\u017cnienia&nbsp;<\/strong>wymagane s\u0105 w przypadku \u2013 samodzielnego wyj\u015bcia dziecka do domu i odbierania dziecka przez inne osoby ni\u017c rodzic\/prawny opiekun.<\/p>\n\n\n\n<p>Rodzic&nbsp;<strong>nie mo\u017ce<\/strong>&nbsp;przez telefon poleci\u0107 dziecku samodzielnego powrotu do domu.<\/p>\n\n\n\n<p>Wychowawcy \u015bwietlicy przejmuj\u0105 opiek\u0119 nad dzieckiem od momentu, w kt\u00f3rym zg\u0142osi ono swoj\u0105 obecno\u015b\u0107 u wychowawcy do momentu odbioru przez osob\u0119 upowa\u017cnion\u0105. Obowi\u0105zkiem dziecka jest zg\u0142osi\u0107 si\u0119 u wychowawcy po wej\u015bciu do \u015bwietlicy. Wychowawcy \u015bwietlicy szkolnej odpowiadaj\u0105 za dziecko w godzinach swojej pracy, czyli do godz. 15:30.<\/p>\n\n\n\n<p>W \u015bwietlicy obowi\u0105zuje regulamin \u015bwietlicy, z kt\u00f3rym dziecko jest zapoznawane.<\/p>\n\n\n\n<p>Dziecko przebywaj\u0105ce w \u015bwietlicy zobowi\u0105zane jest do przestrzegania regulaminu \u015bwietlicy.<\/p>\n\n\n\n<p>Uczniowie powinni aktywnie uczestniczy\u0107 w zaj\u0119ciach organizowanych w \u015bwietlicy.<\/p>\n\n\n\n<p>Dziecko przebywaj\u0105ce w \u015bwietlicy ka\u017cdorazowo zg\u0142asza potrzeb\u0119 wyj\u015bcia ze \u015bwietlicy<br>u wychowawcy (np. do toalety, biblioteki, itp.)<\/p>\n\n\n\n<p>Uczniowie, kt\u00f3rzy posiadaj\u0105 pisemne pozwolenie rodzic\u00f3w na samodzielnie opuszczanie \u015bwietlicy, musz\u0105 swoje wyj\u015bcie zg\u0142osi\u0107 wychowawcy pe\u0142ni\u0105cemu dy\u017cur.<\/p>\n\n\n\n<p>Wychowawcy \u015bwietlicy maj\u0105 wp\u0142yw na \u015br\u00f3droczn\u0105 i roczn\u0105 ocen\u0119 zachowania dziecka.<\/p>\n\n\n\n<p>Wychowawcy \u015bwietlicy nie ponosz\u0105 odpowiedzialno\u015bci materialnej za warto\u015bciowe przedmioty przynoszone przez dzieci.<\/p>\n\n\n\n<p>Za zniszczenie przedmiot\u00f3w b\u0119d\u0105cych wyposa\u017ceniem \u015bwietlicy odpowiedzialno\u015b\u0107 materialn\u0105 ponosz\u0105 rodzice\/opiekunowie.<\/p>\n\n\n\n<p class=\"has-text-align-right\"><strong><em>Wychowawcy \u015bwietlicy<\/em><\/strong><\/p>\n\n\n\n<p><strong>Zasady obowi\u0105zuj\u0105ce na \u015bwietlicy:<\/strong><\/p>\n\n\n\n<p>\u00a7&nbsp; \u015awietlica to m\u00f3j \u201eDRUGI DOM\u201d.<\/p>\n\n\n\n<p>\u00a7&nbsp; Dbam o \u0142ad i porz\u0105dek w \u015bwietlicy.<\/p>\n\n\n\n<p>\u00a7&nbsp; Szanuj\u0119 gry, zabawki i sprz\u0119t w \u015bwietlicy.<\/p>\n\n\n\n<p>\u00a7&nbsp; Zachowuj\u0119 si\u0119 grzecznie, dbam o bezpiecze\u0144stwo swoje i innych.<\/p>\n\n\n\n<p>\u00a7&nbsp; Pami\u0119tam i stosuj\u0119  s\u0142owa \u201ePROSZ\u0118\u201d, \u201ePRZEPRASZAM\u201d, \u201eDZI\u0118KUJ\u0118\u201d.<\/p>\n\n\n\n<p>\u00a7&nbsp; M\u00f3wi\u0119 zawsze prawd\u0119.<\/p>\n\n\n\n<p>\u00a7&nbsp; M\u00f3wi\u0119 cicho i spokojnie.<\/p>\n\n\n\n<p>\u00a7&nbsp; Codziennie robi\u0119 co\u015b dobrego dla drugiej osoby.<\/p>\n\n\n\n<p>\u00a7&nbsp; S\u0142ucham co m\u00f3wi Pani i wykonuj\u0119 jej polecenie.<\/p>\n\n\n\n<p>\u00a7&nbsp; Bior\u0119 aktywny udzia\u0142 w zaj\u0119ciach&nbsp; \u015bwietlicowych.<\/p>\n\n\n\n<p>\u00a7&nbsp; Bawi\u0119 si\u0119 grzecznie i bezpiecznie z kole\u017cankami i kolegami, przyjmuj\u0119 innych do zabawy.<\/p>\n\n\n\n<p>\u00a7&nbsp; Jestem uprzejmy, grzeczny i \u017cyczliwy dla wszystkich dzieci w \u015bwietlicy.<\/p>\n\n\n\n<p>\u00a7&nbsp; Opiekuj\u0119 si\u0119 m\u0142odszymi i s\u0142abszymi kolegami i kole\u017cankami.<\/p>\n\n\n\n<p>\u00a7&nbsp; Opuszczam \u015bwietlic\u0119 (ubikacja, biblioteka, szatnia, zaj\u0119cia pozalekcyjne, ko\u0142a zainteresowa\u0144) tylko za zgoda Pani, kiedy wracam m\u00f3wi\u0119 jej o tym. Nauczyciel zapisuje wszystkie wyj\u015bcia uczni\u00f3w ze \u015bwietlicy na kartce.<\/p>\n\n\n\n<p>\u00a7&nbsp; Po zako\u0144czeniu zaj\u0119\u0107 ucze\u0144 przebywa wy\u0142\u0105cznie w \u015bwietlicy szkolnej<\/p>\n","protected":false},"excerpt":{"rendered":"<p>Informacje dla Rodzic\u00f3w o dzia\u0142alno\u015bci \u015awietlicy przy Szkole Podstawowej im. 21 Brygady Strzelc\u00f3w Podhala\u0144skich w Brzez\u00f3wce W \u015bwietlicy odbywaj\u0105 si\u0119 zaj\u0119cia w oparciu o roczny plan pracy opieku\u0144czo-wychowawczej, Przyjmowanie uczni\u00f3w [&hellip;]<\/p>\n","protected":false},"author":4,"featured_media":0,"parent":0,"menu_order":0,"comment_status":"closed","ping_status":"closed","template":"","meta":{"ngg_post_thumbnail":0},"_links":{"self":[{"href":"https:\/\/www.spbrzezowka.ostnet.pl\/index.php\/wp-json\/wp\/v2\/pages\/2609"}],"collection":[{"href":"https:\/\/www.spbrzezowka.ostnet.pl\/index.php\/wp-json\/wp\/v2\/pages"}],"about":[{"href":"https:\/\/www.spbrzezowka.ostnet.pl\/index.php\/wp-json\/wp\/v2\/types\/page"}],"author":[{"embeddable":true,"href":"https:\/\/www.spbrzezowka.ostnet.pl\/index.php\/wp-json\/wp\/v2\/users\/4"}],"replies":[{"embeddable":true,"href":"https:\/\/www.spbrzezowka.ostnet.pl\/index.php\/wp-json\/wp\/v2\/comments?post=2609"}],"version-history":[{"count":4,"href":"https:\/\/www.spbrzezowka.ostnet.pl\/index.php\/wp-json\/wp\/v2\/pages\/2609\/revisions"}],"predecessor-version":[{"id":9846,"href":"https:\/\/www.spbrzezowka.ostnet.pl\/index.php\/wp-json\/wp\/v2\/pages\/2609\/revisions\/9846"}],"wp:attachment":[{"href":"https:\/\/www.spbrzezowka.ostnet.pl\/index.php\/wp-json\/wp\/v2\/media?parent=2609"}],"curies":[{"name":"wp","href":"https:\/\/api.w.org\/{rel}","templated":true}]}}